{"version":"1.0","provider_name":"Goldsparplan Vergleich","provider_url":"https:\/\/goldsparplan24.com\/blog","author_name":"admin","author_url":"https:\/\/goldsparplan24.com\/blog\/author\/admin","title":"J\u00fcrgen Stark - die wahren Gr\u00fcnde seines R\u00fccktritts - Goldsparplan Vergleich","type":"rich","width":600,"height":338,"html":"<blockquote class=\"wp-embedded-content\" data-secret=\"P82UqO0kth\"><a href=\"https:\/\/goldsparplan24.com\/blog\/eurocrash\/jurgen-stark-die-wahren-grunde-seines-rucktritts.html\">J\u00fcrgen Stark &#8211; die wahren Gr\u00fcnde seines R\u00fccktritts<\/a><\/blockquote><iframe sandbox=\"allow-scripts\" security=\"restricted\" src=\"https:\/\/goldsparplan24.com\/blog\/eurocrash\/jurgen-stark-die-wahren-grunde-seines-rucktritts.html\/embed#?secret=P82UqO0kth\" width=\"600\" height=\"338\" title=\"&#8222;J\u00fcrgen Stark &#8211; die wahren Gr\u00fcnde seines R\u00fccktritts&#8220; &#8211; Goldsparplan Vergleich\" data-secret=\"P82UqO0kth\" frameborder=\"0\" marginwidth=\"0\" marginheight=\"0\" scrolling=\"no\" class=\"wp-embedded-content\"><\/iframe><script type=\"text\/javascript\">\n\/* <![CDATA[ *\/\n\/*! This file is auto-generated *\/\n!function(d,l){\"use strict\";l.querySelector&&d.addEventListener&&\"undefined\"!=typeof URL&&(d.wp=d.wp||{},d.wp.receiveEmbedMessage||(d.wp.receiveEmbedMessage=function(e){var t=e.data;if((t||t.secret||t.message||t.value)&&!\/[^a-zA-Z0-9]\/.test(t.secret)){for(var s,r,n,a=l.querySelectorAll('iframe[data-secret=\"'+t.secret+'\"]'),o=l.querySelectorAll('blockquote[data-secret=\"'+t.secret+'\"]'),c=new RegExp(\"^https?:$\",\"i\"),i=0;i<o.length;i++)o[i].style.display=\"none\";for(i=0;i<a.length;i++)s=a[i],e.source===s.contentWindow&&(s.removeAttribute(\"style\"),\"height\"===t.message?(1e3<(r=parseInt(t.value,10))?r=1e3:~~r<200&&(r=200),s.height=r):\"link\"===t.message&&(r=new URL(s.getAttribute(\"src\")),n=new URL(t.value),c.test(n.protocol))&&n.host===r.host&&l.activeElement===s&&(d.top.location.href=t.value))}},d.addEventListener(\"message\",d.wp.receiveEmbedMessage,!1),l.addEventListener(\"DOMContentLoaded\",function(){for(var e,t,s=l.querySelectorAll(\"iframe.wp-embedded-content\"),r=0;r<s.length;r++)(t=(e=s[r]).getAttribute(\"data-secret\"))||(t=Math.random().toString(36).substring(2,12),e.src+=\"#?secret=\"+t,e.setAttribute(\"data-secret\",t)),e.contentWindow.postMessage({message:\"ready\",secret:t},\"*\")},!1)))}(window,document);\n\/* ]]> *\/\n<\/script>\n","description":"EZB-Chefvolkswirt J\u00fcrgen Stark tritt zur\u00fcck. Offiziell aus pers\u00f6nlichen Gr\u00fcnden, doch inoffiziell d\u00fcrften die wahren Gr\u00fcnde in der derzeitigen Politik der Europ\u00e4ischen Zentralbank liegen, welche zunehmend Staatsanleihen aufkauft und somit die Inflationsgefahr anheizt. J\u00fcrgen Stark war immer gegen den Ankauf von &hellip; Weiterlesen &rarr;"}